{"id":2381,"date":"2022-02-14T15:06:08","date_gmt":"2022-02-14T14:06:08","guid":{"rendered":"https:\/\/mastorrellas.com\/politica-de-privacitat\/"},"modified":"2022-03-10T16:38:07","modified_gmt":"2022-03-10T15:38:07","slug":"politica-de-privacitat","status":"publish","type":"page","link":"https:\/\/mastorrellas.com\/ca\/politica-de-privacitat\/","title":{"rendered":"Pol\u00edtica de privacitat"},"content":{"rendered":"<p>[et_pb_section fb_built=&#8221;1&#8243; fullwidth=&#8221;on&#8221; _builder_version=&#8221;4.14.7&#8243; _module_preset=&#8221;default&#8221; background_color=&#8221;#f0f1f1&#8243; background_color_gradient_start=&#8221;#000000&#8243; background_color_gradient_end=&#8221;rgba(0,0,0,0.3)&#8221; background_color_gradient_direction=&#8221;90deg&#8221; background_enable_image=&#8221;off&#8221; custom_padding=&#8221;90px||90px||false|false&#8221; custom_css_main_element=&#8221;padding-top:0px;&#8221; global_colors_info=&#8221;{}&#8221;][et_pb_fullwidth_slider module_id=&#8221;slide_home&#8221; _builder_version=&#8221;4.14.7&#8243; _module_preset=&#8221;default&#8221; background_color=&#8221;RGBA(255,255,255,0)&#8221; button_alignment=&#8221;left&#8221; width=&#8221;60%&#8221; max_width=&#8221;60%&#8221; module_alignment=&#8221;left&#8221; global_colors_info=&#8221;{}&#8221;][et_pb_slide use_bg_overlay=&#8221;off&#8221; _builder_version=&#8221;4.14.7&#8243; _module_preset=&#8221;default&#8221; background_enable_color=&#8221;off&#8221; custom_button=&#8221;on&#8221; button_text_size=&#8221;12px&#8221; button_text_color=&#8221;#000000&#8243; button_bg_color=&#8221;#FFFFFF&#8221; button_border_width=&#8221;0px&#8221; button_border_radius=&#8221;0px&#8221; button_custom_padding=&#8221;20px|50px|20px|50px|true|true&#8221; background_layout=&#8221;light&#8221; global_colors_info=&#8221;{}&#8221; sticky_transition=&#8221;on&#8221;]<\/p>\n<h1 class=\"slide_header_pages black\">Pol\u00edtica de Privacitat<\/h1>\n<p>[\/et_pb_slide][\/et_pb_fullwidth_slider][\/et_pb_section][et_pb_section fb_built=&#8221;1&#8243; _builder_version=&#8221;4.14.7&#8243; _module_preset=&#8221;default&#8221; global_colors_info=&#8221;{}&#8221;][et_pb_row _builder_version=&#8221;4.14.7&#8243; _module_preset=&#8221;default&#8221; max_width=&#8221;1920px&#8221; global_colors_info=&#8221;{}&#8221;][et_pb_column type=&#8221;4_4&#8243; _builder_version=&#8221;4.14.7&#8243; _module_preset=&#8221;default&#8221; global_colors_info=&#8221;{}&#8221;][et_pb_text _builder_version=&#8221;4.14.8&#8243; _module_preset=&#8221;default&#8221; hover_enabled=&#8221;0&#8243; sticky_enabled=&#8221;0&#8243;]<\/p>\n<ol>\n<li><strong> DADES DEL RESPONSABLE DEL TRACTAMENT<\/strong><\/li>\n<\/ol>\n<p>Ra\u00f3 Social: AROPASCAL SL (d&#8217;ara endavant, la \u201cEmpresa\u201d o el \u201cResponsable\u201d).<br \/>\nCIF: B17095787<br \/>\nDomicili: CTRA. ANTIGA STA, CRISTINA A CASTELL D&#8217;ARO KM 1, 713 \u2013 17246 \u2013 STA. CRISTINA D\u2019ARO- GIRONA<br \/>\nTel\u00e8fon: 972837526<br \/>\nEmail per a comunicacions en mat\u00e8ria de Protecci\u00f3 de dades: info@mastorrellas.com <\/p>\n<p><strong>1.1. Normativa aplicable<\/strong><\/p>\n<p>La nostra Pol\u00edtica de Privacitat s&#8217;ha dissenyat d&#8217;acord amb el  <strong>Reglament General de Protecci\u00f3 de Dades de la UE 2016\/679 del Parlament Europeu <\/strong>i del Consell, de 27 d&#8217;abril de 2016, relatiu a la protecci\u00f3 de les persones f\u00edsiques pel que fa al tractament de dades personals i a la lliure circulaci\u00f3 d&#8217;aquestes dades i pel qual es deroga la Directiva 95\/46\/CE (Reglament general de protecci\u00f3 de dades), i en el que no contradigui l&#8217;esmentat Reglament, pel que es disposa en el marc legislatiu espanyol en mat\u00e8ria de Protecci\u00f3 de Dades de Car\u00e0cter Personal. <\/p>\n<p>En facilitar-nos les seves dades, Vost\u00e8 declara haver llegit i con\u00e8ixer la present Pol\u00edtica de Privacitat, prestant el seu consentiment inequ\u00edvoc i expr\u00e9s al tractament de les seves dades personals d&#8217;acord amb les finalitats i termes aqu\u00ed expressats.<\/p>\n<p>L&#8217;empresa podr\u00e0 modificar la present Pol\u00edtica de Privacitat per a adaptar-la a les novetats legislatives, jurisprudencials o d&#8217;interpretaci\u00f3 de l&#8217;Ag\u00e8ncia Espanyola de Protecci\u00f3 de Dades. Aquestes condicions de privacitat podran ser complementades per l&#8217;Av\u00eds Legal, Pol\u00edtica de Cookies i les Condicions Generals que, si escau, es recullin per a determinats productes o serveis, si aquest acc\u00e9s suposa alguna especialitat en mat\u00e8ria de protecci\u00f3 de dades de car\u00e0cter personal. <\/p>\n<p><strong>1.2.  El nostre Delegat de Protecci\u00f3 de Dades <\/strong><\/p>\n<p>LOPDMONTOLIU I SERVEIS SL. Amb Nif. B55261804, correu electr\u00f2nic: infpo@lopdmontoliu.es<\/p>\n<ol start=\"2\">\n<li><strong> FINALITAT DEL TRACTAMENT DE LES DADES PERSONALS<\/strong><\/li>\n<\/ol>\n<p>El tractament que realitzem de les seves dades personals respon a les seg\u00fcents finalitats: <\/p>\n<p>\u2013 Proporcionar-li informaci\u00f3 relacionada amb els productes i serveis que ofereix la nostra empresa i que detallen en aquest web site.<br \/>\n\u2013 Realitzar la contractaci\u00f3 dels nostres serveis mitjan\u00e7ant l&#8217;acceptaci\u00f3 del corresponent pressupost \/ demanat i\/o la signatura d&#8217;un contracte mercantil.<br \/>\n\u2013 Enviar-li per correu electr\u00f2nic i\/o postal les not\u00edcies i novetats sobre la nostra entitat, aix\u00ed com les actualitzacions del nostre cat\u00e0leg de productes i serveis.<\/p>\n<p><strong>2.1. Termini de Conservaci\u00f3 de les seves dades<\/strong><\/p>\n<p>Conservarem les seves dades personals des que ens doni el seu consentiment fins que el revoqui o b\u00e9 sol\u00b7liciti la limitaci\u00f3 del tractament. En tals casos, mantindrem les seves dades de manera bloquejada durant els terminis legalment exigits. <\/p>\n<ol start=\"3\">\n<li><strong> LEGITIMACI\u00d3 I DADES RECAPTADES<\/strong><\/li>\n<\/ol>\n<p>La legitimaci\u00f3 per al tractament de les seves dades \u00e9s el consentiment expr\u00e9s atorgat mitjan\u00e7ant un acte positiu i afirmatiu (emplenar el formulari corresponent i marcar la casella d&#8217;acceptaci\u00f3 d&#8217;aquesta pol\u00edtica) en el moment de facilitar-nos les seves dades personals.<\/p>\n<p><strong>3.1. Consentiment per a tractar les seves dades <\/strong><\/p>\n<p>En emplenar els formularis, marcar la casella \u201cAccepto la Pol\u00edtica de Privacitat\u201d i fer clic per a enviar les dades, o en remetre correus electr\u00f2nics a l&#8217;Empresa a trav\u00e9s dels comptes habilitats a aquest efecte, l&#8217;Usuari manifesta haver llegit i acceptat expressament la present pol\u00edtica de privacitat, i atorga el seu consentiment inequ\u00edvoc i expr\u00e9s al tractament de les seves dades personals conforme a les finalitats indicades. <\/p>\n<p><strong>3.2. Categories de dades<\/strong><\/p>\n<p>Les dades que es recapten es refereixen a la categoria de dades identificatives, com poden ser: Nom i Cognoms, Tel\u00e8fon, Adre\u00e7a Postal, Empresa, Correu electr\u00f2nic, aix\u00ed com l&#8217;adre\u00e7a IP des d&#8217;on accedeix al formulari de recollida de dades. <\/p>\n<ol start=\"4\">\n<li><strong> MESURES DE SEGURETAT<\/strong><\/li>\n<\/ol>\n<p>Dins del nostre comprom\u00eds per garantir la seguretat i confidencialitat de les seves dades de car\u00e0cter personal, l&#8217;informem que s&#8217;han adoptat les mesures d&#8217;\u00edndole t\u00e8cnica i organitzatives necess\u00e0ries per a garantir la seguretat de les dades de car\u00e0cter personal i evitar la seva alteraci\u00f3, p\u00e8rdua, tractament o acc\u00e9s no autoritzat, tenint en compte de l&#8217;estat de la tecnologia, la naturalesa de les dades emmagatzemades i els riscos al fet que estiguin exposats, segons l&#8217;Art. 32 del RGPD EU 679\/2016.<\/p>\n<ol start=\"5\">\n<li><strong> CESSI\u00d3 DE DADES<\/strong><\/li>\n<\/ol>\n<p>No es preveuen cessions de dades ni transfer\u00e8ncies internacionals de les seves dades, a excepci\u00f3 de les autoritzades per la legislaci\u00f3 fiscal, mercantil i de telecomunicacions aix\u00ed com en aquells casos en els quals una autoritat judicial ens ho requereixi. <\/p>\n<ol start=\"6\">\n<li><strong> DRETS DE L&#8217;USUARI<\/strong><\/li>\n<\/ol>\n<p>Qualsevol interessat t\u00e9 dret a obtenir confirmaci\u00f3 sobre si estem tractant dades personals que el concerneixin, o no. Les persones interessades tenen dret a accedir a les seves dades personals, aix\u00ed com a sol\u00b7licitar la rectificaci\u00f3 de les dades inexactes o, en el seu cas, sol\u00b7licitar la seva supressi\u00f3 quan, entre altres motius, les dades ja no siguin necessaris per als fins que van ser recollits. En determinades circumst\u00e0ncies, els interessats podran sol\u00b7licitar la limitaci\u00f3 del tractament de les seves dades, i en aquest cas \u00fanicament els conservarem per a l&#8217;exercici o la defensa de reclamacions. Per motius relacionats amb la seva situaci\u00f3 particular, els interessats podran oposar-se al tractament de les seves dades. El Responsable del fitxer deixar\u00e0 de tractar les dades, excepte per motius leg\u00edtims imperiosos, o l&#8217;exercici o la defensa de possibles reclamacions. <\/p>\n<p>D&#8217;acord amb la legislaci\u00f3 vigent t\u00e9 els seg\u00fcents drets: dret a sol\u00b7licitar l&#8217;acc\u00e9s a les seves dades personals, dret a sol\u00b7licitar la seva rectificaci\u00f3 o supressi\u00f3, dret a sol\u00b7licitar la limitaci\u00f3 del seu tractament, dret a oposar-se al tractament, dret a la portabilitat de les dades i aix\u00ed mateix, a revocar el consentiment atorgat.<\/p>\n<p><strong>6.1. Com exercitar els meus drets? <\/strong><\/p>\n<p>Per a exercir els seus drets, ha de dirigir-se al responsable, sol\u00b7licitant el corresponent formulari per a l&#8217;exercici del dret triat. Opcionalment, pot acudir a l&#8217;Autoritat de Control competent per a obtenir informaci\u00f3 addicional sobre els seus drets. Les dades de contacte per a l&#8217;exercici dels seus drets s\u00f3n el tel\u00e8fon<strong>972837526<\/strong> i el correu electr\u00f2nic: <strong>info@mastorrellas.com<\/strong>. Recordi acompanyar una c\u00f2pia d&#8217;un document que ens permeti identificar-li. <\/p>\n<ol start=\"7\">\n<li><strong> CONSENTIMENT PER A ENVIAMENT DE COMUNICACIONS ELECTR\u00d2NIQUES<\/strong><\/li>\n<\/ol>\n<p>Aix\u00ed mateix, i d&#8217;acord amb el que s&#8217;estableix en la Llei 34\/2002, d&#8217;11 de juliol, de Serveis de la Societat de la Informaci\u00f3 i del Comer\u00e7 Electr\u00f2nic, completant el formulari de recollida de dades i marcant la corresponent casella \u201cAccepto\u201d est\u00e0 atorgant el consentiment expr\u00e9s per a enviar-li a la seva adre\u00e7a de correu electr\u00f2nic, tel\u00e8fon, fax o un altre mitj\u00e0 electr\u00f2nic en enviament d&#8217;informaci\u00f3 sobre l&#8217;Empresa. [\/et_pb_text][\/et_pb_column][\/et_pb_row][\/et_pb_section]<\/p>\n","protected":false},"excerpt":{"rendered":"<p>Pol\u00edtica de Privacitat DADES DEL RESPONSABLE DEL TRACTAMENT Ra\u00f3 Social: AROPASCAL SL (d&#8217;ara endavant, la \u201cEmpresa\u201d o el \u201cResponsable\u201d). CIF: B17095787 Domicili: CTRA. ANTIGA STA, CRISTINA A CASTELL D&#8217;ARO KM 1, 713 \u2013 17246 \u2013 STA. CRISTINA D\u2019ARO- GIRONA Tel\u00e8fon: 972837526 Email per a comunicacions en mat\u00e8ria de Protecci\u00f3 de dades: info@mastorrellas.com 1.1. Normativa aplicable La nostra Pol\u00edtica de Privacitat s&#8217;ha dissenyat d&#8217;acord amb el Reglament General de Protecci\u00f3 de Dades de la UE 2016\/679 del Parlament Europeu i del Consell, de 27 d&#8217;abril de 2016, relatiu a la protecci\u00f3 de les persones f\u00edsiques pel que fa al tractament de dades personals i a la lliure circulaci\u00f3 d&#8217;aquestes dades i pel qual es deroga la Directiva 95\/46\/CE (Reglament general de protecci\u00f3 de dades), i en el que no contradigui l&#8217;esmentat Reglament, pel que es disposa en el marc legislatiu espanyol en mat\u00e8ria de Protecci\u00f3 de Dades de Car\u00e0cter Personal. En facilitar-nos les seves dades, Vost\u00e8 declara haver llegit i con\u00e8ixer la present Pol\u00edtica de Privacitat, prestant el seu consentiment inequ\u00edvoc i expr\u00e9s al tractament de les seves dades personals d&#8217;acord amb les finalitats i termes aqu\u00ed expressats. L&#8217;empresa podr\u00e0 modificar la present Pol\u00edtica de Privacitat per a adaptar-la a les [&hellip;]<\/p>\n","protected":false},"author":1,"featured_media":0,"parent":0,"menu_order":10,"comment_status":"closed","ping_status":"closed","template":"","meta":{"_et_pb_use_builder":"on","_et_pb_old_content":"","_et_gb_content_width":"","footnotes":""},"class_list":["post-2381","page","type-page","status-publish","hentry"],"yoast_head":"<!-- This site is optimized with the Yoast SEO plugin v26.9 - https:\/\/yoast.com\/product\/yoast-seo-wordpress\/ -->\n<title>Pol\u00edtica de privacitat - Mas Torrellas<\/title>\n<meta name=\"robots\" content=\"index, follow, max-snippet:-1, max-image-preview:large, max-video-preview:-1\" \/>\n<link rel=\"canonical\" href=\"https:\/\/mastorrellas.com\/politica-de-privacidad\/\" \/>\n<meta property=\"og:locale\" content=\"ca_ES\" \/>\n<meta property=\"og:type\" content=\"article\" \/>\n<meta property=\"og:title\" content=\"Pol\u00edtica de privacitat - Mas Torrellas\" \/>\n<meta property=\"og:description\" content=\"Pol\u00edtica de Privacitat DADES DEL RESPONSABLE DEL TRACTAMENT Ra\u00f3 Social: AROPASCAL SL (d&#039;ara endavant, la \u201cEmpresa\u201d o el \u201cResponsable\u201d). CIF: B17095787 Domicili: CTRA. ANTIGA STA, CRISTINA A CASTELL D&#039;ARO KM 1, 713 \u2013 17246 \u2013 STA. CRISTINA D\u2019ARO- GIRONA Tel\u00e8fon: 972837526 Email per a comunicacions en mat\u00e8ria de Protecci\u00f3 de dades: info@mastorrellas.com 1.1. Normativa aplicable La nostra Pol\u00edtica de Privacitat s&#039;ha dissenyat d&#039;acord amb el Reglament General de Protecci\u00f3 de Dades de la UE 2016\/679 del Parlament Europeu i del Consell, de 27 d&#039;abril de 2016, relatiu a la protecci\u00f3 de les persones f\u00edsiques pel que fa al tractament de dades personals i a la lliure circulaci\u00f3 d&#039;aquestes dades i pel qual es deroga la Directiva 95\/46\/CE (Reglament general de protecci\u00f3 de dades), i en el que no contradigui l&#039;esmentat Reglament, pel que es disposa en el marc legislatiu espanyol en mat\u00e8ria de Protecci\u00f3 de Dades de Car\u00e0cter Personal. En facilitar-nos les seves dades, Vost\u00e8 declara haver llegit i con\u00e8ixer la present Pol\u00edtica de Privacitat, prestant el seu consentiment inequ\u00edvoc i expr\u00e9s al tractament de les seves dades personals d&#039;acord amb les finalitats i termes aqu\u00ed expressats. L&#039;empresa podr\u00e0 modificar la present Pol\u00edtica de Privacitat per a adaptar-la a les [&hellip;]\" \/>\n<meta property=\"og:url\" content=\"https:\/\/mastorrellas.com\/politica-de-privacidad\/\" \/>\n<meta property=\"og:site_name\" content=\"Mas Torrellas\" \/>\n<meta property=\"article:modified_time\" content=\"2022-03-10T15:38:07+00:00\" \/>\n<meta name=\"twitter:card\" content=\"summary_large_image\" \/>\n<meta name=\"twitter:label1\" content=\"Temps estimat de lectura\" \/>\n\t<meta name=\"twitter:data1\" content=\"6 minuts\" \/>\n<script type=\"application\/ld+json\" class=\"yoast-schema-graph\">{\"@context\":\"https:\/\/schema.org\",\"@graph\":[{\"@type\":\"WebPage\",\"@id\":\"https:\/\/mastorrellas.com\/politica-de-privacidad\/\",\"url\":\"https:\/\/mastorrellas.com\/politica-de-privacidad\/\",\"name\":\"Pol\u00edtica de privacitat - Mas Torrellas\",\"isPartOf\":{\"@id\":\"https:\/\/mastorrellas.com\/#website\"},\"datePublished\":\"2022-02-14T14:06:08+00:00\",\"dateModified\":\"2022-03-10T15:38:07+00:00\",\"breadcrumb\":{\"@id\":\"https:\/\/mastorrellas.com\/politica-de-privacidad\/#breadcrumb\"},\"inLanguage\":\"ca\",\"potentialAction\":[{\"@type\":\"ReadAction\",\"target\":[\"https:\/\/mastorrellas.com\/politica-de-privacidad\/\"]}]},{\"@type\":\"BreadcrumbList\",\"@id\":\"https:\/\/mastorrellas.com\/politica-de-privacidad\/#breadcrumb\",\"itemListElement\":[{\"@type\":\"ListItem\",\"position\":1,\"name\":\"Portada\",\"item\":\"https:\/\/mastorrellas.com\/\"},{\"@type\":\"ListItem\",\"position\":2,\"name\":\"Pol\u00edtica de privacitat\"}]},{\"@type\":\"WebSite\",\"@id\":\"https:\/\/mastorrellas.com\/#website\",\"url\":\"https:\/\/mastorrellas.com\/\",\"name\":\"Mas Torrellas\",\"description\":\"La Masia | Village | Pitch&Putt\",\"potentialAction\":[{\"@type\":\"SearchAction\",\"target\":{\"@type\":\"EntryPoint\",\"urlTemplate\":\"https:\/\/mastorrellas.com\/?s={search_term_string}\"},\"query-input\":{\"@type\":\"PropertyValueSpecification\",\"valueRequired\":true,\"valueName\":\"search_term_string\"}}],\"inLanguage\":\"ca\"}]}<\/script>\n<!-- \/ Yoast SEO plugin. -->","yoast_head_json":{"title":"Pol\u00edtica de privacitat - Mas Torrellas","robots":{"index":"index","follow":"follow","max-snippet":"max-snippet:-1","max-image-preview":"max-image-preview:large","max-video-preview":"max-video-preview:-1"},"canonical":"https:\/\/mastorrellas.com\/politica-de-privacidad\/","og_locale":"ca_ES","og_type":"article","og_title":"Pol\u00edtica de privacitat - Mas Torrellas","og_description":"Pol\u00edtica de Privacitat DADES DEL RESPONSABLE DEL TRACTAMENT Ra\u00f3 Social: AROPASCAL SL (d'ara endavant, la \u201cEmpresa\u201d o el \u201cResponsable\u201d). CIF: B17095787 Domicili: CTRA. ANTIGA STA, CRISTINA A CASTELL D'ARO KM 1, 713 \u2013 17246 \u2013 STA. CRISTINA D\u2019ARO- GIRONA Tel\u00e8fon: 972837526 Email per a comunicacions en mat\u00e8ria de Protecci\u00f3 de dades: info@mastorrellas.com 1.1. Normativa aplicable La nostra Pol\u00edtica de Privacitat s'ha dissenyat d'acord amb el Reglament General de Protecci\u00f3 de Dades de la UE 2016\/679 del Parlament Europeu i del Consell, de 27 d'abril de 2016, relatiu a la protecci\u00f3 de les persones f\u00edsiques pel que fa al tractament de dades personals i a la lliure circulaci\u00f3 d'aquestes dades i pel qual es deroga la Directiva 95\/46\/CE (Reglament general de protecci\u00f3 de dades), i en el que no contradigui l'esmentat Reglament, pel que es disposa en el marc legislatiu espanyol en mat\u00e8ria de Protecci\u00f3 de Dades de Car\u00e0cter Personal. En facilitar-nos les seves dades, Vost\u00e8 declara haver llegit i con\u00e8ixer la present Pol\u00edtica de Privacitat, prestant el seu consentiment inequ\u00edvoc i expr\u00e9s al tractament de les seves dades personals d'acord amb les finalitats i termes aqu\u00ed expressats. L'empresa podr\u00e0 modificar la present Pol\u00edtica de Privacitat per a adaptar-la a les [&hellip;]","og_url":"https:\/\/mastorrellas.com\/politica-de-privacidad\/","og_site_name":"Mas Torrellas","article_modified_time":"2022-03-10T15:38:07+00:00","twitter_card":"summary_large_image","twitter_misc":{"Temps estimat de lectura":"6 minuts"},"schema":{"@context":"https:\/\/schema.org","@graph":[{"@type":"WebPage","@id":"https:\/\/mastorrellas.com\/politica-de-privacidad\/","url":"https:\/\/mastorrellas.com\/politica-de-privacidad\/","name":"Pol\u00edtica de privacitat - Mas Torrellas","isPartOf":{"@id":"https:\/\/mastorrellas.com\/#website"},"datePublished":"2022-02-14T14:06:08+00:00","dateModified":"2022-03-10T15:38:07+00:00","breadcrumb":{"@id":"https:\/\/mastorrellas.com\/politica-de-privacidad\/#breadcrumb"},"inLanguage":"ca","potentialAction":[{"@type":"ReadAction","target":["https:\/\/mastorrellas.com\/politica-de-privacidad\/"]}]},{"@type":"BreadcrumbList","@id":"https:\/\/mastorrellas.com\/politica-de-privacidad\/#breadcrumb","itemListElement":[{"@type":"ListItem","position":1,"name":"Portada","item":"https:\/\/mastorrellas.com\/"},{"@type":"ListItem","position":2,"name":"Pol\u00edtica de privacitat"}]},{"@type":"WebSite","@id":"https:\/\/mastorrellas.com\/#website","url":"https:\/\/mastorrellas.com\/","name":"Mas Torrellas","description":"La Masia | Village | Pitch&Putt","potentialAction":[{"@type":"SearchAction","target":{"@type":"EntryPoint","urlTemplate":"https:\/\/mastorrellas.com\/?s={search_term_string}"},"query-input":{"@type":"PropertyValueSpecification","valueRequired":true,"valueName":"search_term_string"}}],"inLanguage":"ca"}]}},"_links":{"self":[{"href":"https:\/\/mastorrellas.com\/ca\/wp-json\/wp\/v2\/pages\/2381","targetHints":{"allow":["GET"]}}],"collection":[{"href":"https:\/\/mastorrellas.com\/ca\/wp-json\/wp\/v2\/pages"}],"about":[{"href":"https:\/\/mastorrellas.com\/ca\/wp-json\/wp\/v2\/types\/page"}],"author":[{"embeddable":true,"href":"https:\/\/mastorrellas.com\/ca\/wp-json\/wp\/v2\/users\/1"}],"replies":[{"embeddable":true,"href":"https:\/\/mastorrellas.com\/ca\/wp-json\/wp\/v2\/comments?post=2381"}],"version-history":[{"count":2,"href":"https:\/\/mastorrellas.com\/ca\/wp-json\/wp\/v2\/pages\/2381\/revisions"}],"predecessor-version":[{"id":2383,"href":"https:\/\/mastorrellas.com\/ca\/wp-json\/wp\/v2\/pages\/2381\/revisions\/2383"}],"wp:attachment":[{"href":"https:\/\/mastorrellas.com\/ca\/wp-json\/wp\/v2\/media?parent=2381"}],"curies":[{"name":"wp","href":"https:\/\/api.w.org\/{rel}","templated":true}]}}